{"id":22905,"date":"2019-03-05T21:05:26","date_gmt":"2019-03-05T20:05:26","guid":{"rendered":"https:\/\/www.evaballarin.com\/actividades\/madridfusion-2019\/"},"modified":"2019-11-05T10:40:34","modified_gmt":"2019-11-05T09:40:34","slug":"madridfusion-2019","status":"publish","type":"actividades","link":"https:\/\/www.evaballarin.com\/en\/actividades\/madridfusion-2019\/","title":{"rendered":"MadridFusi\u00f3n 2019"},"content":{"rendered":"<h3 style=\"text-align: center;\">Within my activity of covering interesting events for the HORECA sector, this year I attended the 2019 edition of MadridFusi\u00f3n.<\/h3>\n<p style=\"text-align: justify;\">In the hashtag <a href=\"https:\/\/twitter.com\/hashtag\/madridfusi\u00f3n\">#MadridFusi\u00f3n<\/a> you will find the main conclusions of one of the most important events in the catering industry of the year.<\/p>\n<p>You find photographic chronicles of my time at MadridFusi\u00f3n 2019 <a href=\"https:\/\/www.facebook.com\/473953346286892\/posts\/827754230906800?sfns=mo\">here<\/a>, <a href=\"https:\/\/www.facebook.com\/473953346286892\/posts\/828322160850007?sfns=mo\">here<\/a>, <a href=\"https:\/\/www.linkedin.com\/feed\/update\/urn:li:activity:6495716590397595648\">here<\/a> and <a href=\"https:\/\/www.linkedin.com\/feed\/update\/urn:li:activity:6496066147161640960\">here<\/a>.<\/p>\n<h4 style=\"text-align: center;\">And here I leave you my analysis article <a href=\"https:\/\/www.linkedin.com\/pulse\/10-discursos-inspiradores-de-la-restauraci\u00f3n-espa\u00f1ola-ev\u03bb-b\u03bbll\u03bbrin\/\">10 inspiring speeches of Spanish gastronomy<\/a><\/h4>\n","protected":false},"excerpt":{"rendered":"<p>Within my activity of covering interesting events for the HORECA sector, this year I attended the 2019 edition of MadridFusi\u00f3n. In the hashtag #MadridFusi\u00f3n you will find the main conclusions of one of the most important events in the catering industry of the year. You find photographic chronicles of my time at MadridFusi\u00f3n 2019 here, [&hellip;] <a class=\"g1-link g1-link-more\" href=\"https:\/\/www.evaballarin.com\/en\/actividades\/madridfusion-2019\/\">More<\/a><\/p>\n","protected":false},"author":4,"featured_media":22252,"parent":0,"comment_status":"closed","ping_status":"closed","template":"","format":"standard","tags":[],"tipo_actividad":[2423,2424],"class_list":{"0":"post-22905","1":"actividades","2":"type-actividades","3":"status-publish","4":"format-standard","5":"has-post-thumbnail","7":"tipo_actividad-online-events","8":"tipo_actividad-training"},"yoast_head":"<!-- This site is optimized with the Yoast SEO plugin v27.5 - https:\/\/yoast.com\/product\/yoast-seo-wordpress\/ -->\n<title>MadridFusi\u00f3n 2019 - Eva Ballarin<\/title>\n<meta name=\"robots\" content=\"index, follow, max-snippet:-1, max-image-preview:large, max-video-preview:-1\" \/>\n<link rel=\"canonical\" href=\"https:\/\/www.evaballarin.com\/en\/actividades\/madridfusion-2019\/\" \/>\n<meta property=\"og:locale\" content=\"en_US\" \/>\n<meta property=\"og:type\" content=\"article\" \/>\n<meta property=\"og:title\" content=\"MadridFusi\u00f3n 2019 - Eva Ballarin\" \/>\n<meta property=\"og:description\" content=\"Within my activity of covering interesting events for the HORECA sector, this year I attended the 2019 edition of MadridFusi\u00f3n. In the hashtag #MadridFusi\u00f3n you will find the main conclusions of one of the most important events in the catering industry of the year. You find photographic chronicles of my time at MadridFusi\u00f3n 2019 here, [&hellip;] More\" \/>\n<meta property=\"og:url\" content=\"https:\/\/www.evaballarin.com\/en\/actividades\/madridfusion-2019\/\" \/>\n<meta property=\"og:site_name\" content=\"Eva Ballarin\" \/>\n<meta property=\"article:publisher\" content=\"https:\/\/www.facebook.com\/Eva.Ballarin.Genius\" \/>\n<meta property=\"article:modified_time\" content=\"2019-11-05T09:40:34+00:00\" \/>\n<meta property=\"og:image\" content=\"https:\/\/www.evaballarin.com\/wp-content\/uploads\/2019\/03\/DENIA-Y-FERNANDO-GALLARDO-MF19-EB.jpg\" \/>\n\t<meta property=\"og:image:width\" content=\"1920\" \/>\n\t<meta property=\"og:image:height\" content=\"1440\" \/>\n\t<meta property=\"og:image:type\" content=\"image\/jpeg\" \/>\n<meta name=\"twitter:card\" content=\"summary_large_image\" \/>\n<meta name=\"twitter:site\" content=\"@evaballarin\" \/>\n<script type=\"application\/ld+json\" class=\"yoast-schema-graph\">{\"@context\":\"https:\\\/\\\/schema.org\",\"@graph\":[{\"@type\":\"WebPage\",\"@id\":\"https:\\\/\\\/www.evaballarin.com\\\/en\\\/actividades\\\/madridfusion-2019\\\/\",\"url\":\"https:\\\/\\\/www.evaballarin.com\\\/en\\\/actividades\\\/madridfusion-2019\\\/\",\"name\":\"MadridFusi\u00f3n 2019 - Eva Ballarin\",\"isPartOf\":{\"@id\":\"https:\\\/\\\/www.evaballarin.com\\\/en\\\/#website\"},\"primaryImageOfPage\":{\"@id\":\"https:\\\/\\\/www.evaballarin.com\\\/en\\\/actividades\\\/madridfusion-2019\\\/#primaryimage\"},\"image\":{\"@id\":\"https:\\\/\\\/www.evaballarin.com\\\/en\\\/actividades\\\/madridfusion-2019\\\/#primaryimage\"},\"thumbnailUrl\":\"https:\\\/\\\/www.evaballarin.com\\\/wp-content\\\/uploads\\\/2019\\\/03\\\/DENIA-Y-FERNANDO-GALLARDO-MF19-EB.jpg\",\"datePublished\":\"2019-03-05T20:05:26+00:00\",\"dateModified\":\"2019-11-05T09:40:34+00:00\",\"breadcrumb\":{\"@id\":\"https:\\\/\\\/www.evaballarin.com\\\/en\\\/actividades\\\/madridfusion-2019\\\/#breadcrumb\"},\"inLanguage\":\"en-US\",\"potentialAction\":[{\"@type\":\"ReadAction\",\"target\":[\"https:\\\/\\\/www.evaballarin.com\\\/en\\\/actividades\\\/madridfusion-2019\\\/\"]}]},{\"@type\":\"ImageObject\",\"inLanguage\":\"en-US\",\"@id\":\"https:\\\/\\\/www.evaballarin.com\\\/en\\\/actividades\\\/madridfusion-2019\\\/#primaryimage\",\"url\":\"https:\\\/\\\/www.evaballarin.com\\\/wp-content\\\/uploads\\\/2019\\\/03\\\/DENIA-Y-FERNANDO-GALLARDO-MF19-EB.jpg\",\"contentUrl\":\"https:\\\/\\\/www.evaballarin.com\\\/wp-content\\\/uploads\\\/2019\\\/03\\\/DENIA-Y-FERNANDO-GALLARDO-MF19-EB.jpg\",\"width\":1920,\"height\":1440},{\"@type\":\"BreadcrumbList\",\"@id\":\"https:\\\/\\\/www.evaballarin.com\\\/en\\\/actividades\\\/madridfusion-2019\\\/#breadcrumb\",\"itemListElement\":[{\"@type\":\"ListItem\",\"position\":1,\"name\":\"Home\",\"item\":\"https:\\\/\\\/www.evaballarin.com\\\/en\\\/\"},{\"@type\":\"ListItem\",\"position\":2,\"name\":\"Online events\",\"item\":\"https:\\\/\\\/www.evaballarin.com\\\/en\\\/?taxonomy=tipo_actividad&term=online-events\"},{\"@type\":\"ListItem\",\"position\":3,\"name\":\"MadridFusi\u00f3n 2019\"}]},{\"@type\":\"WebSite\",\"@id\":\"https:\\\/\\\/www.evaballarin.com\\\/en\\\/#website\",\"url\":\"https:\\\/\\\/www.evaballarin.com\\\/en\\\/\",\"name\":\"Eva Ballarin\",\"description\":\"Investigadora independiente de tendencias, innovaci\u00f3n y estrategia.\",\"publisher\":{\"@id\":\"https:\\\/\\\/www.evaballarin.com\\\/en\\\/#\\\/schema\\\/person\\\/b449ed8646d1b5c92ce28990f3af68d5\"},\"potentialAction\":[{\"@type\":\"SearchAction\",\"target\":{\"@type\":\"EntryPoint\",\"urlTemplate\":\"https:\\\/\\\/www.evaballarin.com\\\/en\\\/?s={search_term_string}\"},\"query-input\":{\"@type\":\"PropertyValueSpecification\",\"valueRequired\":true,\"valueName\":\"search_term_string\"}}],\"inLanguage\":\"en-US\"},{\"@type\":[\"Person\",\"Organization\"],\"@id\":\"https:\\\/\\\/www.evaballarin.com\\\/en\\\/#\\\/schema\\\/person\\\/b449ed8646d1b5c92ce28990f3af68d5\",\"name\":\"Eva Ballarin\",\"image\":{\"@type\":\"ImageObject\",\"inLanguage\":\"en-US\",\"@id\":\"https:\\\/\\\/www.evaballarin.com\\\/wp-content\\\/uploads\\\/2017\\\/05\\\/01-1.jpg\",\"url\":\"https:\\\/\\\/www.evaballarin.com\\\/wp-content\\\/uploads\\\/2017\\\/05\\\/01-1.jpg\",\"contentUrl\":\"https:\\\/\\\/www.evaballarin.com\\\/wp-content\\\/uploads\\\/2017\\\/05\\\/01-1.jpg\",\"width\":1200,\"height\":1200,\"caption\":\"Eva Ballarin\"},\"logo\":{\"@id\":\"https:\\\/\\\/www.evaballarin.com\\\/wp-content\\\/uploads\\\/2017\\\/05\\\/01-1.jpg\"},\"description\":\"Llevo 35 a\u00f1os en Turismo, HORECA y MICE, y pasando por T\u00fanez, Espa\u00f1a y M\u00e9xico, he sido directora en hoteles, restaurantes, un campo de golf y hasta un museo, aprendiendo lo que nadie te ense\u00f1a en los manuales: c\u00f3mo se dise\u00f1a un concepto, c\u00f3mo se crean experiencias, c\u00f3mo se opera un negocio y c\u00f3mo se lidera bajo presi\u00f3n. En 2010 me reinvent\u00e9 como consultora estrat\u00e9gica, docente y creadora de contenido, y he formado a cientos de profesionales de todo el mundo en las mejores escuelas. En paralelo me sub\u00ed a escenarios de medio mundo como conferenciante, imparti mil workshops, escrib\u00ed m\u00e1s de 900 art\u00edculos, publiqu\u00e9 un libro, co-escrib\u00ed otros tres y hasta lanc\u00e9 mi propio podcast\u2026 hasta convertirme en una de las voces m\u00e1s influyentes en Espa\u00f1a. Soy Top Voice en Linkedin, Miembro del Consejo Nacional de Turismo y una de las 150 profesionales m\u00e1s influyentes del Turismo. He dise\u00f1ado y dirigido congresos internacionales incre\u00edbles como HIP Madrid (2017 - 2021), y soy asesora estrat\u00e9gica para los congresos de ExpoHoreca Honduras, ExpoHoreca Panama, ExpoHoreca Guatemala y HORECA Hub den Alimentaria-Hostelco Barcelona. Como emprendedora fund\u00e9 IdeaFaktory en M\u00e9xico (2005); de vuelta en Espa\u00f1a fund\u00e9 EATapp (2009) que fu\u00e9 un absoluto fracaso empresarial del que aprend\u00ed m\u00e1s que en mil masters; funde evaballar\u00edn (2010) y co-fund\u00e9 Tanit Ibiza Conexi\u00f3n (2021), un proyecto que impulsa el talento femenino. Despu\u00e9s de estos miles de kil\u00f3metros recorridos y un postgrado especializado en Liderazgo en la Universidad de Stanford (2022), mi prop\u00f3sito es claro: ayudarte a liderar mejor tu negocio y vivir en equilibrio. Y lo hago bajo mi utimo proyecto, HORECAlity.\",\"sameAs\":[\"https:\\\/\\\/www.evaballarin.com\",\"https:\\\/\\\/www.facebook.com\\\/Eva.Ballarin.Genius\",\"https:\\\/\\\/www.instagram.com\\\/evaballarinofficial\\\/\",\"https:\\\/\\\/www.linkedin.com\\\/in\\\/evaballarin\\\/\",\"https:\\\/\\\/www.pinterest.es\\\/evaballarin\\\/\",\"https:\\\/\\\/x.com\\\/evaballarin\",\"https:\\\/\\\/www.youtube.com\\\/user\\\/thequeenblog\"]}]}<\/script>\n<!-- \/ Yoast SEO plugin. -->","yoast_head_json":{"title":"MadridFusi\u00f3n 2019 - Eva Ballarin","robots":{"index":"index","follow":"follow","max-snippet":"max-snippet:-1","max-image-preview":"max-image-preview:large","max-video-preview":"max-video-preview:-1"},"canonical":"https:\/\/www.evaballarin.com\/en\/actividades\/madridfusion-2019\/","og_locale":"en_US","og_type":"article","og_title":"MadridFusi\u00f3n 2019 - Eva Ballarin","og_description":"Within my activity of covering interesting events for the HORECA sector, this year I attended the 2019 edition of MadridFusi\u00f3n. In the hashtag #MadridFusi\u00f3n you will find the main conclusions of one of the most important events in the catering industry of the year. You find photographic chronicles of my time at MadridFusi\u00f3n 2019 here, [&hellip;] More","og_url":"https:\/\/www.evaballarin.com\/en\/actividades\/madridfusion-2019\/","og_site_name":"Eva Ballarin","article_publisher":"https:\/\/www.facebook.com\/Eva.Ballarin.Genius","article_modified_time":"2019-11-05T09:40:34+00:00","og_image":[{"width":1920,"height":1440,"url":"https:\/\/www.evaballarin.com\/wp-content\/uploads\/2019\/03\/DENIA-Y-FERNANDO-GALLARDO-MF19-EB.jpg","type":"image\/jpeg"}],"twitter_card":"summary_large_image","twitter_site":"@evaballarin","schema":{"@context":"https:\/\/schema.org","@graph":[{"@type":"WebPage","@id":"https:\/\/www.evaballarin.com\/en\/actividades\/madridfusion-2019\/","url":"https:\/\/www.evaballarin.com\/en\/actividades\/madridfusion-2019\/","name":"MadridFusi\u00f3n 2019 - Eva Ballarin","isPartOf":{"@id":"https:\/\/www.evaballarin.com\/en\/#website"},"primaryImageOfPage":{"@id":"https:\/\/www.evaballarin.com\/en\/actividades\/madridfusion-2019\/#primaryimage"},"image":{"@id":"https:\/\/www.evaballarin.com\/en\/actividades\/madridfusion-2019\/#primaryimage"},"thumbnailUrl":"https:\/\/www.evaballarin.com\/wp-content\/uploads\/2019\/03\/DENIA-Y-FERNANDO-GALLARDO-MF19-EB.jpg","datePublished":"2019-03-05T20:05:26+00:00","dateModified":"2019-11-05T09:40:34+00:00","breadcrumb":{"@id":"https:\/\/www.evaballarin.com\/en\/actividades\/madridfusion-2019\/#breadcrumb"},"inLanguage":"en-US","potentialAction":[{"@type":"ReadAction","target":["https:\/\/www.evaballarin.com\/en\/actividades\/madridfusion-2019\/"]}]},{"@type":"ImageObject","inLanguage":"en-US","@id":"https:\/\/www.evaballarin.com\/en\/actividades\/madridfusion-2019\/#primaryimage","url":"https:\/\/www.evaballarin.com\/wp-content\/uploads\/2019\/03\/DENIA-Y-FERNANDO-GALLARDO-MF19-EB.jpg","contentUrl":"https:\/\/www.evaballarin.com\/wp-content\/uploads\/2019\/03\/DENIA-Y-FERNANDO-GALLARDO-MF19-EB.jpg","width":1920,"height":1440},{"@type":"BreadcrumbList","@id":"https:\/\/www.evaballarin.com\/en\/actividades\/madridfusion-2019\/#breadcrumb","itemListElement":[{"@type":"ListItem","position":1,"name":"Home","item":"https:\/\/www.evaballarin.com\/en\/"},{"@type":"ListItem","position":2,"name":"Online events","item":"https:\/\/www.evaballarin.com\/en\/?taxonomy=tipo_actividad&term=online-events"},{"@type":"ListItem","position":3,"name":"MadridFusi\u00f3n 2019"}]},{"@type":"WebSite","@id":"https:\/\/www.evaballarin.com\/en\/#website","url":"https:\/\/www.evaballarin.com\/en\/","name":"Eva Ballarin","description":"Investigadora independiente de tendencias, innovaci\u00f3n y estrategia.","publisher":{"@id":"https:\/\/www.evaballarin.com\/en\/#\/schema\/person\/b449ed8646d1b5c92ce28990f3af68d5"},"potentialAction":[{"@type":"SearchAction","target":{"@type":"EntryPoint","urlTemplate":"https:\/\/www.evaballarin.com\/en\/?s={search_term_string}"},"query-input":{"@type":"PropertyValueSpecification","valueRequired":true,"valueName":"search_term_string"}}],"inLanguage":"en-US"},{"@type":["Person","Organization"],"@id":"https:\/\/www.evaballarin.com\/en\/#\/schema\/person\/b449ed8646d1b5c92ce28990f3af68d5","name":"Eva Ballarin","image":{"@type":"ImageObject","inLanguage":"en-US","@id":"https:\/\/www.evaballarin.com\/wp-content\/uploads\/2017\/05\/01-1.jpg","url":"https:\/\/www.evaballarin.com\/wp-content\/uploads\/2017\/05\/01-1.jpg","contentUrl":"https:\/\/www.evaballarin.com\/wp-content\/uploads\/2017\/05\/01-1.jpg","width":1200,"height":1200,"caption":"Eva Ballarin"},"logo":{"@id":"https:\/\/www.evaballarin.com\/wp-content\/uploads\/2017\/05\/01-1.jpg"},"description":"Llevo 35 a\u00f1os en Turismo, HORECA y MICE, y pasando por T\u00fanez, Espa\u00f1a y M\u00e9xico, he sido directora en hoteles, restaurantes, un campo de golf y hasta un museo, aprendiendo lo que nadie te ense\u00f1a en los manuales: c\u00f3mo se dise\u00f1a un concepto, c\u00f3mo se crean experiencias, c\u00f3mo se opera un negocio y c\u00f3mo se lidera bajo presi\u00f3n. En 2010 me reinvent\u00e9 como consultora estrat\u00e9gica, docente y creadora de contenido, y he formado a cientos de profesionales de todo el mundo en las mejores escuelas. En paralelo me sub\u00ed a escenarios de medio mundo como conferenciante, imparti mil workshops, escrib\u00ed m\u00e1s de 900 art\u00edculos, publiqu\u00e9 un libro, co-escrib\u00ed otros tres y hasta lanc\u00e9 mi propio podcast\u2026 hasta convertirme en una de las voces m\u00e1s influyentes en Espa\u00f1a. Soy Top Voice en Linkedin, Miembro del Consejo Nacional de Turismo y una de las 150 profesionales m\u00e1s influyentes del Turismo. He dise\u00f1ado y dirigido congresos internacionales incre\u00edbles como HIP Madrid (2017 - 2021), y soy asesora estrat\u00e9gica para los congresos de ExpoHoreca Honduras, ExpoHoreca Panama, ExpoHoreca Guatemala y HORECA Hub den Alimentaria-Hostelco Barcelona. Como emprendedora fund\u00e9 IdeaFaktory en M\u00e9xico (2005); de vuelta en Espa\u00f1a fund\u00e9 EATapp (2009) que fu\u00e9 un absoluto fracaso empresarial del que aprend\u00ed m\u00e1s que en mil masters; funde evaballar\u00edn (2010) y co-fund\u00e9 Tanit Ibiza Conexi\u00f3n (2021), un proyecto que impulsa el talento femenino. Despu\u00e9s de estos miles de kil\u00f3metros recorridos y un postgrado especializado en Liderazgo en la Universidad de Stanford (2022), mi prop\u00f3sito es claro: ayudarte a liderar mejor tu negocio y vivir en equilibrio. Y lo hago bajo mi utimo proyecto, HORECAlity.","sameAs":["https:\/\/www.evaballarin.com","https:\/\/www.facebook.com\/Eva.Ballarin.Genius","https:\/\/www.instagram.com\/evaballarinofficial\/","https:\/\/www.linkedin.com\/in\/evaballarin\/","https:\/\/www.pinterest.es\/evaballarin\/","https:\/\/x.com\/evaballarin","https:\/\/www.youtube.com\/user\/thequeenblog"]}]}},"amp_enabled":true,"_links":{"self":[{"href":"https:\/\/www.evaballarin.com\/en\/wp-json\/wp\/v2\/actividades\/22905","targetHints":{"allow":["GET"]}}],"collection":[{"href":"https:\/\/www.evaballarin.com\/en\/wp-json\/wp\/v2\/actividades"}],"about":[{"href":"https:\/\/www.evaballarin.com\/en\/wp-json\/wp\/v2\/types\/actividades"}],"author":[{"embeddable":true,"href":"https:\/\/www.evaballarin.com\/en\/wp-json\/wp\/v2\/users\/4"}],"replies":[{"embeddable":true,"href":"https:\/\/www.evaballarin.com\/en\/wp-json\/wp\/v2\/comments?post=22905"}],"version-history":[{"count":0,"href":"https:\/\/www.evaballarin.com\/en\/wp-json\/wp\/v2\/actividades\/22905\/revisions"}],"wp:featuredmedia":[{"embeddable":true,"href":"https:\/\/www.evaballarin.com\/en\/wp-json\/wp\/v2\/media\/22252"}],"wp:attachment":[{"href":"https:\/\/www.evaballarin.com\/en\/wp-json\/wp\/v2\/media?parent=22905"}],"wp:term":[{"taxonomy":"post_tag","embeddable":true,"href":"https:\/\/www.evaballarin.com\/en\/wp-json\/wp\/v2\/tags?post=22905"},{"taxonomy":"tipo_actividad","embeddable":true,"href":"https:\/\/www.evaballarin.com\/en\/wp-json\/wp\/v2\/tipo_actividad?post=22905"}],"curies":[{"name":"wp","href":"https:\/\/api.w.org\/{rel}","templated":true}]}}